{"id":1336,"date":"2021-03-24T09:49:08","date_gmt":"2021-03-24T09:49:08","guid":{"rendered":"http:\/\/digitalpedagogycookbook.eu\/?post_type=cpt_238&#038;p=1336"},"modified":"2021-03-31T08:52:21","modified_gmt":"2021-03-31T08:52:21","slug":"mit-dem-google-kalender-termine-gemeinsam-mit-den-lernenden-planen","status":"publish","type":"cpt_238de","link":"http:\/\/digitalpedagogycookbook.eu\/?cpt_238de=mit-dem-google-kalender-termine-gemeinsam-mit-den-lernenden-planen","title":{"rendered":"Mit dem Google Kalender Termine gemeinsam mit den Lernenden planen"},"content":{"rendered":"\n\n\n[et_pb_section fb_built=&#8221;1&#8243; custom_padding_last_edited=&#8221;on|phone&#8221; admin_label=&#8221;Header&#8221; _builder_version=&#8221;4.6.0&#8243; use_background_color_gradient=&#8221;on&#8221; background_color_gradient_start=&#8221;rgba(53,55,82,0.62)&#8221; background_color_gradient_end=&#8221;rgba(60,61,81,0)&#8221; background_color_gradient_overlays_image=&#8221;on&#8221; background_image=&#8221;http:\/\/digitalpedagogycookbook.eu\/wp-content\/uploads\/2020\/09\/Screenshot-2020-09-01-at-9.48.51-AM.png&#8221; custom_margin=&#8221;0px||70px||false|false&#8221; custom_padding=&#8221;14vw||6vw||false|false&#8221; custom_padding_tablet=&#8221;&#8221; custom_padding_phone=&#8221;&#8221;][\/et_pb_section][et_pb_section fb_built=&#8221;1&#8243; admin_label=&#8221;Recipe&#8221; _builder_version=&#8221;4.6.0&#8243; background_color=&#8221;#fffafc&#8221;][et_pb_row column_structure=&#8221;1_4,1_4,1_4,1_4&#8243; use_custom_gutter=&#8221;on&#8221; gutter_width=&#8221;2&#8243; custom_padding_last_edited=&#8221;on|phone&#8221; _builder_version=&#8221;4.6.0&#8243; background_color=&#8221;#ffffff&#8221; width=&#8221;90%&#8221; max_width=&#8221;1200px&#8221; custom_margin=&#8221;-8vw|auto||auto|false|false&#8221; custom_margin_tablet=&#8221;0px||||false|false&#8221; custom_margin_phone=&#8221;0px||||false|false&#8221; custom_margin_last_edited=&#8221;off|desktop&#8221; custom_padding=&#8221;60px|60px|30px|60px|false|true&#8221; custom_padding_tablet=&#8221;60px|60px|60px|60px|true|true&#8221; custom_padding_phone=&#8221;|30px||30px|true|true&#8221;][et_pb_column type=&#8221;1_4&#8243; admin_label=&#8221;Column&#8221; _builder_version=&#8221;4.6.0&#8243;][et_pb_text _builder_version=&#8221;4.6.0&#8243; text_font=&#8221;DM Serif Display||||||||&#8221; text_font_size=&#8221;32px&#8221; text_line_height=&#8221;1.5em&#8221; header_4_font=&#8221;Josefin Sans|700||on|||||&#8221; header_4_font_size=&#8221;11px&#8221; header_4_letter_spacing=&#8221;1.5px&#8221; header_4_line_height=&#8221;1.2em&#8221; hover_enabled=&#8221;0&#8243; locked=&#8221;off&#8221; sticky_enabled=&#8221;0&#8243;]<h4>DigCompEdu Kompetenzbereich<\/h4>[\/et_pb_text][et_pb_text _builder_version=&#8221;4.6.0&#8243; _dynamic_attributes=&#8221;content&#8221; text_font=&#8221;DM Serif Display||||||||&#8221; text_text_color=&#8221;#00457a&#8221; text_font_size=&#8221;18px&#8221; text_line_height=&#8221;1.5em&#8221; header_4_font=&#8221;Josefin Sans|700||on|||||&#8221; header_4_font_size=&#8221;11px&#8221; header_4_letter_spacing=&#8221;1.5px&#8221; header_4_line_height=&#8221;1.2em&#8221; locked=&#8221;off&#8221;]@ET-DC@eyJkeW5hbWljIjp0cnVlLCJjb250ZW50IjoiY3VzdG9tX21ldGFfRGlnQ29tcEVkdV9hcmVhIiwic2V0dGluZ3MiOnsiYmVmb3JlIjoiIiwiYWZ0ZXIiOiIiLCJlbmFibGVfaHRtbCI6Im9mZiJ9fQ==@[\/et_pb_text][\/et_pb_column][et_pb_column type=&#8221;1_4&#8243; admin_label=&#8221;Column&#8221; _builder_version=&#8221;4.6.0&#8243;][et_pb_text _builder_version=&#8221;4.6.0&#8243; text_font=&#8221;DM Serif Display||||||||&#8221; text_font_size=&#8221;32px&#8221; text_line_height=&#8221;1.5em&#8221; header_4_font=&#8221;Josefin Sans|700||on|||||&#8221; header_4_font_size=&#8221;11px&#8221; header_4_letter_spacing=&#8221;1.5px&#8221; header_4_line_height=&#8221;1.2em&#8221; custom_margin=&#8221;0px||22px||false|false&#8221; hover_enabled=&#8221;0&#8243; locked=&#8221;off&#8221; sticky_enabled=&#8221;0&#8243;]<h4>Progressionsniveau<\/h4>[\/et_pb_text][et_pb_text _builder_version=&#8221;4.6.0&#8243; _dynamic_attributes=&#8221;content&#8221; text_font=&#8221;DM Serif Display||||||||&#8221; text_text_color=&#8221;#00457a&#8221; text_font_size=&#8221;18px&#8221; text_line_height=&#8221;1.5em&#8221; header_4_font=&#8221;Josefin Sans|700||on|||||&#8221; header_4_font_size=&#8221;11px&#8221; header_4_letter_spacing=&#8221;1.5px&#8221; header_4_line_height=&#8221;1.2em&#8221; text_orientation=&#8221;center&#8221; locked=&#8221;off&#8221;]@ET-DC@eyJkeW5hbWljIjp0cnVlLCJjb250ZW50IjoiY3VzdG9tX21ldGFfRGlnQ29tcEVkdV9sZXZlbCIsInNldHRpbmdzIjp7ImJlZm9yZSI6IiIsImFmdGVyIjoiIiwiZW5hYmxlX2h0bWwiOiJvZmYifX0=@[\/et_pb_text][\/et_pb_column][et_pb_column type=&#8221;1_4&#8243; admin_label=&#8221;Column&#8221; _builder_version=&#8221;4.4.4&#8243;][et_pb_text _builder_version=&#8221;4.6.0&#8243; text_font=&#8221;DM Serif Display||||||||&#8221; text_font_size=&#8221;32px&#8221; text_line_height=&#8221;1.5em&#8221; header_4_font=&#8221;Josefin Sans|700||on|||||&#8221; header_4_font_size=&#8221;11px&#8221; header_4_letter_spacing=&#8221;1.5px&#8221; header_4_line_height=&#8221;1.2em&#8221; hover_enabled=&#8221;0&#8243; locked=&#8221;off&#8221; sticky_enabled=&#8221;0&#8243;]<h4>Erforderliche digitale Kompetenzstufe der Lernenden<\/h4>[\/et_pb_text][et_pb_text _builder_version=&#8221;4.6.0&#8243; _dynamic_attributes=&#8221;content&#8221; text_font=&#8221;DM Serif Display||||||||&#8221; text_text_color=&#8221;#00457a&#8221; text_font_size=&#8221;18px&#8221; text_line_height=&#8221;1.5em&#8221; header_4_font=&#8221;Josefin Sans|700||on|||||&#8221; header_4_font_size=&#8221;11px&#8221; header_4_letter_spacing=&#8221;1.5px&#8221; header_4_line_height=&#8221;1.2em&#8221; text_orientation=&#8221;center&#8221; locked=&#8221;off&#8221;]@ET-DC@eyJkeW5hbWljIjp0cnVlLCJjb250ZW50IjoiY3VzdG9tX21ldGFfZGlnaXRhbF9za2lsbHNfbGV2ZWxfb2Zfc3R1ZGVudHMiLCJzZXR0aW5ncyI6eyJiZWZvcmUiOiIiLCJhZnRlciI6IiIsImVuYWJsZV9odG1sIjoib2ZmIn19@[\/et_pb_text][\/et_pb_column][et_pb_column type=&#8221;1_4&#8243; _builder_version=&#8221;4.4.4&#8243;][et_pb_text _builder_version=&#8221;4.6.0&#8243; text_font=&#8221;DM Serif Display||||||||&#8221; text_font_size=&#8221;32px&#8221; text_line_height=&#8221;1.5em&#8221; header_4_font=&#8221;Josefin Sans|700||on|||||&#8221; header_4_font_size=&#8221;11px&#8221; header_4_letter_spacing=&#8221;1.5px&#8221; header_4_line_height=&#8221;1.2em&#8221; hover_enabled=&#8221;0&#8243; locked=&#8221;off&#8221; sticky_enabled=&#8221;0&#8243;]<h4>Erforderliche digitale Kompetenzstufe der Lehrenden<\/h4>[\/et_pb_text][et_pb_text _builder_version=&#8221;4.6.0&#8243; _dynamic_attributes=&#8221;content&#8221; text_font=&#8221;DM Serif Display||||||||&#8221; text_text_color=&#8221;#00457a&#8221; text_font_size=&#8221;18px&#8221; text_line_height=&#8221;1.5em&#8221; header_4_font=&#8221;Josefin Sans|700||on|||||&#8221; header_4_font_size=&#8221;11px&#8221; header_4_letter_spacing=&#8221;1.5px&#8221; header_4_line_height=&#8221;1.2em&#8221; text_orientation=&#8221;center&#8221; locked=&#8221;off&#8221;]@ET-DC@eyJkeW5hbWljIjp0cnVlLCJjb250ZW50IjoiY3VzdG9tX21ldGFfZGlnaXRhbF9za2lsbHNfbGV2ZWxfb2ZfZWR1Y2F0b3JzIiwic2V0dGluZ3MiOnsiYmVmb3JlIjoiIiwiYWZ0ZXIiOiIiLCJlbmFibGVfaHRtbCI6Im9mZiJ9fQ==@[\/et_pb_text][\/et_pb_column][\/et_pb_row][et_pb_row _builder_version=&#8221;4.6.0&#8243; _module_preset=&#8221;default&#8221; width=&#8221;90%&#8221;][et_pb_column type=&#8221;4_4&#8243; _builder_version=&#8221;4.6.0&#8243; _module_preset=&#8221;default&#8221;][et_pb_text _builder_version=&#8221;4.6.0&#8243; header_2_font=&#8221;Sue Ellen Francisco||||||||&#8221; header_2_text_color=&#8221;#D9C28E&#8221; header_2_font_size=&#8221;40px&#8221; header_2_line_height=&#8221;1.2em&#8221; custom_margin=&#8221;0px||0px||false|false&#8221; custom_padding=&#8221;0px||0px||false|false&#8221; hover_enabled=&#8221;0&#8243; header_2_font_size_tablet=&#8221;62px&#8221; header_2_font_size_phone=&#8221;42px&#8221; header_2_font_size_last_edited=&#8221;on|phone&#8221; locked=&#8221;off&#8221; sticky_enabled=&#8221;0&#8243;]<h2>Unterrichts-\/Lernsituation<\/h2>[\/et_pb_text][et_pb_text _builder_version=&#8221;4.6.0&#8243; text_font_size=&#8221;16px&#8221; text_line_height=&#8221;2em&#8221; header_3_font=&#8221;DM Serif Display||||||||&#8221; header_3_font_size=&#8221;20px&#8221; header_3_line_height=&#8221;1.4em&#8221; custom_padding=&#8221;||0px|||&#8221; hover_enabled=&#8221;0&#8243; text_font_size_tablet=&#8221;&#8221; text_font_size_phone=&#8221;14px&#8221; text_font_size_last_edited=&#8221;on|phone&#8221; locked=&#8221;off&#8221; sticky_enabled=&#8221;0&#8243;][\/et_pb_text][et_pb_text _builder_version=&#8221;4.6.0&#8243; header_2_font=&#8221;Sue Ellen Francisco||||||||&#8221; header_2_text_color=&#8221;#D9C28E&#8221; header_2_font_size=&#8221;40px&#8221; header_2_line_height=&#8221;1.2em&#8221; custom_margin=&#8221;0px||0px||false|false&#8221; hover_enabled=&#8221;0&#8243; header_2_font_size_tablet=&#8221;62px&#8221; header_2_font_size_phone=&#8221;42px&#8221; header_2_font_size_last_edited=&#8221;on|phone&#8221; locked=&#8221;off&#8221; sticky_enabled=&#8221;0&#8243;]<h2>Zielgruppe<\/h2>[\/et_pb_text][et_pb_text _builder_version=&#8221;4.6.0&#8243; text_font_size=&#8221;16px&#8221; text_line_height=&#8221;2em&#8221; header_3_font=&#8221;DM Serif Display||||||||&#8221; header_3_font_size=&#8221;20px&#8221; header_3_line_height=&#8221;1.4em&#8221; hover_enabled=&#8221;0&#8243; text_font_size_tablet=&#8221;&#8221; text_font_size_phone=&#8221;14px&#8221; text_font_size_last_edited=&#8221;on|phone&#8221; locked=&#8221;off&#8221; sticky_enabled=&#8221;0&#8243;]<ul>\n<li>alle Lehrenden<\/li>\n<li>Anf\u00e4nger mit grundlegenden Kenntnissen in digitaler P\u00e4dagogik<\/li>\n<\/ul>\n[\/et_pb_text][\/et_pb_column][\/et_pb_row][et_pb_row column_structure=&#8221;2_5,3_5&#8243; custom_padding_last_edited=&#8221;on|tablet&#8221; _builder_version=&#8221;4.6.0&#8243; background_color=&#8221;#ffffff&#8221; width=&#8221;90%&#8221; max_width=&#8221;1200px&#8221; custom_padding=&#8221;|60px||60px|false|true&#8221; custom_padding_tablet=&#8221;|30px||30px|false|true&#8221; custom_padding_phone=&#8221;|20px||20px|false|true&#8221; box_shadow_style=&#8221;preset3&#8243; box_shadow_vertical=&#8221;200px&#8221; box_shadow_blur=&#8221;159px&#8221; box_shadow_spread=&#8221;-31px&#8221; box_shadow_color=&#8221;rgba(0,0,0,0.1)&#8221;][et_pb_column type=&#8221;2_5&#8243; _builder_version=&#8221;4.4.4&#8243;][et_pb_text _builder_version=&#8221;4.6.0&#8243; header_2_font=&#8221;Sue Ellen Francisco||||||||&#8221; header_2_text_color=&#8221;#9aaf8a&#8221; header_2_font_size=&#8221;40px&#8221; header_2_line_height=&#8221;1.2em&#8221; hover_enabled=&#8221;0&#8243; header_2_font_size_tablet=&#8221;62px&#8221; header_2_font_size_phone=&#8221;42px&#8221; header_2_font_size_last_edited=&#8221;off|desktop&#8221; sticky_enabled=&#8221;0&#8243;]<h2>Zutaten<\/h2>[\/et_pb_text][et_pb_text _builder_version=&#8221;4.6.0&#8243; text_font=&#8221;||||||||&#8221; text_text_color=&#8221;#000000&#8243; text_line_height=&#8221;1.8em&#8221; ul_font_size=&#8221;16px&#8221; ul_line_height=&#8221;2em&#8221; hover_enabled=&#8221;0&#8243; sticky_enabled=&#8221;0&#8243;]<ul>\n<li>Computer, Smartphone oder Tablet<\/li>\n<li>Internetverbindung<\/li>\n<li>E-Mail-Account<\/li>\n<\/ul>\n[\/et_pb_text][\/et_pb_column][et_pb_column type=&#8221;3_5&#8243; _builder_version=&#8221;4.4.4&#8243;][et_pb_text _builder_version=&#8221;4.6.0&#8243; header_2_font=&#8221;Sue Ellen Francisco||||||||&#8221; header_2_text_color=&#8221;#D9C28E&#8221; header_2_font_size=&#8221;40px&#8221; header_2_line_height=&#8221;1.2em&#8221; hover_enabled=&#8221;0&#8243; header_2_font_size_tablet=&#8221;62px&#8221; header_2_font_size_phone=&#8221;42px&#8221; header_2_font_size_last_edited=&#8221;on|phone&#8221; locked=&#8221;off&#8221; sticky_enabled=&#8221;0&#8243;]<h2>Beschreibung<\/h2>[\/et_pb_text][et_pb_text _builder_version=&#8221;4.6.0&#8243; text_font_size=&#8221;16px&#8221; text_line_height=&#8221;2em&#8221; header_3_font=&#8221;DM Serif Display||||||||&#8221; header_3_font_size=&#8221;20px&#8221; header_3_line_height=&#8221;1.4em&#8221; hover_enabled=&#8221;0&#8243; text_font_size_tablet=&#8221;&#8221; text_font_size_phone=&#8221;14px&#8221; text_font_size_last_edited=&#8221;on|phone&#8221; locked=&#8221;off&#8221; sticky_enabled=&#8221;0&#8243;]<p>Dieses Rezept zeigt, wie Lehrkr\u00e4fte Termine f\u00fcr Aufgaben, Aktivit\u00e4ten oder Pr\u00fcfungen gemeinsam mit den Lernenden planen k\u00f6nnen.<br \/>Die Arbeit mit dem Google Kalender ist sehr einfach. Man kann auch verschiedene Farben einf\u00fcgen, um verschiedene Themen oder Gruppen optisch voneinander abzuheben. Man kann auch Terminpl\u00e4ne f\u00fcr das gesamte Schuljahr oder Halbjahr anlegen, sodass die Lernenden immer den \u00dcberblick \u00fcber anstehende Termine haben.<br \/>Der Google Kalender ist eine Web2.0-Anwendung, mit der man einen Online-Kalender anlegen und bearbeiten kann. Der gro\u00dfe Vorteil ist, dass man jederzeit, von \u00fcberall und\/oder von jedem Ger\u00e4t mit Internetzugang darauf zugreifen und geplante Verabredungen, Gespr\u00e4chstermine, Abgabetermine, besondere Termine, Ferientermine, Veranstaltungstermine, usw. sehen kann. So kann dieser Webdienst traditionelle Kalender abl\u00f6sen.<\/p>\n[\/et_pb_text][et_pb_text _builder_version=&#8221;4.6.0&#8243; header_2_font=&#8221;Sue Ellen Francisco||||||||&#8221; header_2_text_color=&#8221;#D9C28E&#8221; header_2_font_size=&#8221;40px&#8221; header_2_line_height=&#8221;1.2em&#8221; hover_enabled=&#8221;0&#8243; header_2_font_size_tablet=&#8221;62px&#8221; header_2_font_size_phone=&#8221;42px&#8221; header_2_font_size_last_edited=&#8221;on|phone&#8221; locked=&#8221;off&#8221; sticky_enabled=&#8221;0&#8243;]<h2>Arbeitsschritte<\/h2>[\/et_pb_text][et_pb_text _builder_version=&#8221;4.6.0&#8243; text_font_size=&#8221;16px&#8221; text_line_height=&#8221;2em&#8221; header_3_font=&#8221;DM Serif Display||||||||&#8221; header_3_font_size=&#8221;20px&#8221; header_3_line_height=&#8221;1.4em&#8221; hover_enabled=&#8221;0&#8243; text_font_size_tablet=&#8221;&#8221; text_font_size_phone=&#8221;14px&#8221; text_font_size_last_edited=&#8221;on|phone&#8221; locked=&#8221;off&#8221; sticky_enabled=&#8221;0&#8243;]<h3>Schritt 1<\/h3>\n<p>Um den Google Kalender nutzen zu k\u00f6nnen, ben\u00f6tigen Sie ein Gmail- oder Google-Nutzerkonto. Wenn Sie sich bei Gmail angemeldet haben, sehen Sie oben rechts auf dem Bildschirm ein Symbol, mit dem Sie auf die verschiedenen Dienste Ihres Google-Kontos zugreifen k\u00f6nnen. Dort finden Sie auch den Google Kalender.<\/p>\n<p><img loading=\"lazy\" src=\"http:\/\/digitalpedagogycookbook.eu\/wp-content\/uploads\/2020\/09\/hyhh-300x169.png\" width=\"300\" height=\"169\" alt=\"\" class=\"wp-image-879 alignnone size-medium\" \/><\/p>\n[\/et_pb_text][et_pb_text _builder_version=&#8221;4.6.0&#8243; text_font_size=&#8221;16px&#8221; text_line_height=&#8221;2em&#8221; header_3_font=&#8221;DM Serif Display||||||||&#8221; header_3_font_size=&#8221;20px&#8221; header_3_line_height=&#8221;1.4em&#8221; hover_enabled=&#8221;0&#8243; text_font_size_tablet=&#8221;&#8221; text_font_size_phone=&#8221;14px&#8221; text_font_size_last_edited=&#8221;on|phone&#8221; locked=&#8221;off&#8221; sticky_enabled=&#8221;0&#8243;]<h3>Schritt 2<\/h3>\n<p>\u00d6ffnen Sie den Google Kalender.<\/p>\n[\/et_pb_text][et_pb_text _builder_version=&#8221;4.6.0&#8243; text_font_size=&#8221;16px&#8221; text_line_height=&#8221;2em&#8221; header_3_font=&#8221;DM Serif Display||||||||&#8221; header_3_font_size=&#8221;20px&#8221; header_3_line_height=&#8221;1.4em&#8221; hover_enabled=&#8221;0&#8243; text_font_size_tablet=&#8221;&#8221; text_font_size_phone=&#8221;14px&#8221; text_font_size_last_edited=&#8221;on|phone&#8221; locked=&#8221;off&#8221; sticky_enabled=&#8221;0&#8243;]<h3>Schritt 3<\/h3>\n<p>Legen Sie einen Kalender f\u00fcr die jeweilige Klasse an. Klicken Sie auf \u201eEintragen\u201c. Daraufhin \u00f6ffnet sich ein Fenster, in dem Sie weitere Informationen zu dem Termin eintragen k\u00f6nnen.<\/p>\n<p><img loading=\"lazy\" src=\"http:\/\/digitalpedagogycookbook.eu\/wp-content\/uploads\/2020\/09\/gbb-300x169.png\" width=\"300\" height=\"169\" alt=\"\" class=\"wp-image-880 alignnone size-medium\" \/><\/p>\n[\/et_pb_text][et_pb_text _builder_version=&#8221;4.6.0&#8243; text_font_size=&#8221;16px&#8221; text_line_height=&#8221;2em&#8221; header_3_font=&#8221;DM Serif Display||||||||&#8221; header_3_font_size=&#8221;20px&#8221; header_3_line_height=&#8221;1.4em&#8221; hover_enabled=&#8221;0&#8243; text_font_size_tablet=&#8221;&#8221; text_font_size_phone=&#8221;14px&#8221; text_font_size_last_edited=&#8221;on|phone&#8221; locked=&#8221;off&#8221; sticky_enabled=&#8221;0&#8243;]<h3>Schritt 4<\/h3>\n<p>Ordnen Sie jedem Thema eine eigene Farbe zu..<\/p>\n[\/et_pb_text][et_pb_text _builder_version=&#8221;4.6.0&#8243; text_font_size=&#8221;16px&#8221; text_line_height=&#8221;2em&#8221; header_3_font=&#8221;DM Serif Display||||||||&#8221; header_3_font_size=&#8221;20px&#8221; header_3_line_height=&#8221;1.4em&#8221; hover_enabled=&#8221;0&#8243; text_font_size_tablet=&#8221;&#8221; text_font_size_phone=&#8221;14px&#8221; text_font_size_last_edited=&#8221;on|phone&#8221; locked=&#8221;off&#8221; sticky_enabled=&#8221;0&#8243;]<h3>Schritt 5<\/h3>\n<p>Laden Sie die Lernenden in den Kalender ein.<\/p>\n[\/et_pb_text][\/et_pb_column][\/et_pb_row][\/et_pb_section][et_pb_section fb_built=&#8221;1&#8243; admin_label=&#8221;Footer&#8221; _builder_version=&#8221;4.6.0&#8243; background_color=&#8221;#fffafc&#8221; background_enable_image=&#8221;off&#8221; background_size=&#8221;initial&#8221; background_position=&#8221;top_center&#8221; custom_padding=&#8221;28px||130px|||&#8221; locked=&#8221;off&#8221;][et_pb_row custom_padding_last_edited=&#8221;on|tablet&#8221; padding_top_bottom_link_1=&#8221;true&#8221; padding_left_right_link_1=&#8221;true&#8221; _builder_version=&#8221;4.6.0&#8243; background_color=&#8221;#ffffff&#8221; background_enable_image=&#8221;off&#8221; width=&#8221;90%&#8221; max_width=&#8221;1200px&#8221; custom_padding=&#8221;|40px|50px|40px|false|true&#8221; custom_padding_tablet=&#8221;|30px||30px|false|true&#8221; custom_padding_phone=&#8221;50px|20px||20px|false|true&#8221; box_shadow_style=&#8221;preset3&#8243; box_shadow_vertical=&#8221;100px&#8221; box_shadow_blur=&#8221;60px&#8221; box_shadow_spread=&#8221;-31px&#8221; box_shadow_color=&#8221;rgba(0,0,0,0.15)&#8221; use_custom_width=&#8221;on&#8221; width_unit=&#8221;off&#8221; custom_width_percent=&#8221;100%&#8221;][et_pb_column type=&#8221;4_4&#8243; _builder_version=&#8221;4.4.2&#8243;][et_pb_text _builder_version=&#8221;4.6.0&#8243; header_2_font=&#8221;Sue Ellen Francisco||||||||&#8221; header_2_text_color=&#8221;#D9C28E&#8221; header_2_font_size=&#8221;40px&#8221; header_2_line_height=&#8221;1.2em&#8221; custom_margin=&#8221;0px||0px||true|false&#8221; custom_padding=&#8221;0px||0px||true|false&#8221; hover_enabled=&#8221;0&#8243; header_2_font_size_tablet=&#8221;62px&#8221; header_2_font_size_phone=&#8221;42px&#8221; header_2_font_size_last_edited=&#8221;on|phone&#8221; locked=&#8221;off&#8221; sticky_enabled=&#8221;0&#8243;]<h2>Weitere Informationen<\/h2>[\/et_pb_text][et_pb_text _builder_version=&#8221;4.6.0&#8243; text_font_size=&#8221;16px&#8221; text_line_height=&#8221;2em&#8221; header_3_font=&#8221;DM Serif Display||||||||&#8221; header_3_font_size=&#8221;20px&#8221; header_3_line_height=&#8221;1.4em&#8221; custom_padding=&#8221;||12px||false|false&#8221; hover_enabled=&#8221;0&#8243; text_font_size_tablet=&#8221;&#8221; text_font_size_phone=&#8221;14px&#8221; text_font_size_last_edited=&#8221;on|phone&#8221; locked=&#8221;off&#8221; sticky_enabled=&#8221;0&#8243;]<p>Sie k\u00f6nnen auch die Eltern der Lernenden in den Kalender einladen, damit diese \u00fcber geplante Tests und Pr\u00fcfungen informiert sind. Sie k\u00f6nnen auch Erinnerungen an bevorstehende Termine, motivierende Kommentare, Tipps oder Anregungen verschicken.<\/p>\n[\/et_pb_text][et_pb_text _builder_version=&#8221;4.6.0&#8243; header_2_font=&#8221;Sue Ellen Francisco||||||||&#8221; header_2_text_color=&#8221;#D9C28E&#8221; header_2_font_size=&#8221;40px&#8221; header_2_line_height=&#8221;1.2em&#8221; custom_margin=&#8221;0px||0px||true|false&#8221; custom_padding=&#8221;0px||0px||true|false&#8221; hover_enabled=&#8221;0&#8243; header_2_font_size_tablet=&#8221;62px&#8221; header_2_font_size_phone=&#8221;42px&#8221; header_2_font_size_last_edited=&#8221;on|phone&#8221; locked=&#8221;off&#8221; sticky_enabled=&#8221;0&#8243;]<h2>Links &#038; weiterf\u00fchrende Literatur<\/h2>[\/et_pb_text][et_pb_text _builder_version=&#8221;4.6.0&#8243; text_font_size=&#8221;16px&#8221; text_line_height=&#8221;2em&#8221; header_3_font=&#8221;DM Serif Display||||||||&#8221; header_3_font_size=&#8221;20px&#8221; header_3_line_height=&#8221;1.4em&#8221; hover_enabled=&#8221;0&#8243; text_font_size_tablet=&#8221;&#8221; text_font_size_phone=&#8221;14px&#8221; text_font_size_last_edited=&#8221;on|phone&#8221; locked=&#8221;off&#8221; sticky_enabled=&#8221;0&#8243;]<p>Google Calendar Guide: The ultimate video guide to Google Calendar (auf Englisch):<\/p>\n<p><a href=\"https:\/\/www.youtube.com\/watch?v=mBaKzzl-7f4\">https:\/\/wwwhttps:\/\/www.youtube.com\/watch?v=mBaKzzl-7f4.youtube.com\/watch?v=mBaKzzl-7f4<\/a><\/p>\n[\/et_pb_text][\/et_pb_column][\/et_pb_row][\/et_pb_section]\n\n\n","protected":false},"excerpt":{"rendered":"<p>This recipe is based on a tool where the teacher can plan different tasks, activities or exams with students.<br \/>\nGoogle Calendar is very easy to use, and you can add colours for each group or subject.<\/p>\n","protected":false},"author":3,"parent":0,"menu_order":0,"comment_status":"closed","ping_status":"closed","template":"","meta":{"_et_pb_use_builder":"on","_et_pb_old_content":"","_et_gb_content_width":"1080"},"tax_265de":[207,169],"tax_276de":[127],"tax_277de":[120],"tax_278de":[114],"_links":{"self":[{"href":"http:\/\/digitalpedagogycookbook.eu\/index.php?rest_route=\/wp\/v2\/cpt_238de\/1336"}],"collection":[{"href":"http:\/\/digitalpedagogycookbook.eu\/index.php?rest_route=\/wp\/v2\/cpt_238de"}],"about":[{"href":"http:\/\/digitalpedagogycookbook.eu\/index.php?rest_route=\/wp\/v2\/types\/cpt_238de"}],"author":[{"embeddable":true,"href":"http:\/\/digitalpedagogycookbook.eu\/index.php?rest_route=\/wp\/v2\/users\/3"}],"replies":[{"embeddable":true,"href":"http:\/\/digitalpedagogycookbook.eu\/index.php?rest_route=%2Fwp%2Fv2%2Fcomments&post=1336"}],"wp:featuredmedia":[{"embeddable":true,"href":"http:\/\/digitalpedagogycookbook.eu\/index.php?rest_route=\/wp\/v2\/media\/877"}],"wp:attachment":[{"href":"http:\/\/digitalpedagogycookbook.eu\/index.php?rest_route=%2Fwp%2Fv2%2Fmedia&parent=1336"}],"wp:term":[{"taxonomy":"tax_265de","embeddable":true,"href":"http:\/\/digitalpedagogycookbook.eu\/index.php?rest_route=%2Fwp%2Fv2%2Ftax_265de&post=1336"},{"taxonomy":"tax_276de","embeddable":true,"href":"http:\/\/digitalpedagogycookbook.eu\/index.php?rest_route=%2Fwp%2Fv2%2Ftax_276de&post=1336"},{"taxonomy":"tax_277de","embeddable":true,"href":"http:\/\/digitalpedagogycookbook.eu\/index.php?rest_route=%2Fwp%2Fv2%2Ftax_277de&post=1336"},{"taxonomy":"tax_278de","embeddable":true,"href":"http:\/\/digitalpedagogycookbook.eu\/index.php?rest_route=%2Fwp%2Fv2%2Ftax_278de&post=1336"}],"curies":[{"name":"wp","href":"https:\/\/api.w.org\/{rel}","templated":true}]}}