{"id":1568,"date":"2021-03-26T09:29:42","date_gmt":"2021-03-26T09:29:42","guid":{"rendered":"http:\/\/digitalpedagogycookbook.eu\/?post_type=cpt_238&#038;p=1568"},"modified":"2021-03-31T08:50:59","modified_gmt":"2021-03-31T08:50:59","slug":"mit-anchor-unterhaltungen-aufzeichnen-und-teilen","status":"publish","type":"cpt_238de","link":"http:\/\/digitalpedagogycookbook.eu\/?cpt_238de=mit-anchor-unterhaltungen-aufzeichnen-und-teilen","title":{"rendered":"Mit Anchor Unterhaltungen aufzeichnen und teilen"},"content":{"rendered":"\n\n[et_pb_section fb_built=&#8221;1&#8243; custom_padding_last_edited=&#8221;on|phone&#8221; admin_label=&#8221;Header&#8221; _builder_version=&#8221;4.6.0&#8243; use_background_color_gradient=&#8221;on&#8221; background_color_gradient_start=&#8221;rgba(53,55,82,0.62)&#8221; background_color_gradient_end=&#8221;rgba(60,61,81,0)&#8221; background_color_gradient_overlays_image=&#8221;on&#8221; background_image=&#8221;http:\/\/digitalpedagogycookbook.eu\/wp-content\/uploads\/2020\/09\/Screenshot-2020-09-01-at-9.48.51-AM.png&#8221; custom_margin=&#8221;0px||70px||false|false&#8221; custom_padding=&#8221;14vw||6vw||false|false&#8221; custom_padding_tablet=&#8221;&#8221; custom_padding_phone=&#8221;&#8221;][\/et_pb_section][et_pb_section fb_built=&#8221;1&#8243; admin_label=&#8221;Recipe&#8221; _builder_version=&#8221;4.6.0&#8243; background_color=&#8221;#fffafc&#8221;][et_pb_row column_structure=&#8221;1_4,1_4,1_4,1_4&#8243; use_custom_gutter=&#8221;on&#8221; gutter_width=&#8221;2&#8243; custom_padding_last_edited=&#8221;on|phone&#8221; _builder_version=&#8221;4.6.0&#8243; background_color=&#8221;#ffffff&#8221; width=&#8221;90%&#8221; max_width=&#8221;1200px&#8221; custom_margin=&#8221;-8vw|auto||auto|false|false&#8221; custom_margin_tablet=&#8221;0px||||false|false&#8221; custom_margin_phone=&#8221;0px||||false|false&#8221; custom_margin_last_edited=&#8221;off|desktop&#8221; custom_padding=&#8221;60px|60px|30px|60px|false|true&#8221; custom_padding_tablet=&#8221;60px|60px|60px|60px|true|true&#8221; custom_padding_phone=&#8221;|30px||30px|true|true&#8221;][et_pb_column type=&#8221;1_4&#8243; admin_label=&#8221;Column&#8221; _builder_version=&#8221;4.6.0&#8243;][et_pb_text _builder_version=&#8221;4.6.0&#8243; text_font=&#8221;DM Serif Display||||||||&#8221; text_font_size=&#8221;32px&#8221; text_line_height=&#8221;1.5em&#8221; header_4_font=&#8221;Josefin Sans|700||on|||||&#8221; header_4_font_size=&#8221;11px&#8221; header_4_letter_spacing=&#8221;1.5px&#8221; header_4_line_height=&#8221;1.2em&#8221; hover_enabled=&#8221;0&#8243; locked=&#8221;off&#8221; sticky_enabled=&#8221;0&#8243;]<h4>DigCompEdu Kompetenzbereich<\/h4>[\/et_pb_text][et_pb_text _builder_version=&#8221;4.6.0&#8243; _dynamic_attributes=&#8221;content&#8221; text_font=&#8221;DM Serif Display||||||||&#8221; text_text_color=&#8221;#00457a&#8221; text_font_size=&#8221;18px&#8221; text_line_height=&#8221;1.5em&#8221; header_4_font=&#8221;Josefin Sans|700||on|||||&#8221; header_4_font_size=&#8221;11px&#8221; header_4_letter_spacing=&#8221;1.5px&#8221; header_4_line_height=&#8221;1.2em&#8221; locked=&#8221;off&#8221;]@ET-DC@eyJkeW5hbWljIjp0cnVlLCJjb250ZW50IjoiY3VzdG9tX21ldGFfRGlnQ29tcEVkdV9hcmVhIiwic2V0dGluZ3MiOnsiYmVmb3JlIjoiIiwiYWZ0ZXIiOiIiLCJlbmFibGVfaHRtbCI6Im9mZiJ9fQ==@[\/et_pb_text][\/et_pb_column][et_pb_column type=&#8221;1_4&#8243; admin_label=&#8221;Column&#8221; _builder_version=&#8221;4.6.0&#8243;][et_pb_text _builder_version=&#8221;4.6.0&#8243; text_font=&#8221;DM Serif Display||||||||&#8221; text_font_size=&#8221;32px&#8221; text_line_height=&#8221;1.5em&#8221; header_4_font=&#8221;Josefin Sans|700||on|||||&#8221; header_4_font_size=&#8221;11px&#8221; header_4_letter_spacing=&#8221;1.5px&#8221; header_4_line_height=&#8221;1.2em&#8221; custom_margin=&#8221;0px||22px||false|false&#8221; hover_enabled=&#8221;0&#8243; locked=&#8221;off&#8221; sticky_enabled=&#8221;0&#8243;]<h4>Progressionsniveau<\/h4>[\/et_pb_text][et_pb_text _builder_version=&#8221;4.6.0&#8243; _dynamic_attributes=&#8221;content&#8221; text_font=&#8221;DM Serif Display||||||||&#8221; text_text_color=&#8221;#00457a&#8221; text_font_size=&#8221;18px&#8221; text_line_height=&#8221;1.5em&#8221; header_4_font=&#8221;Josefin Sans|700||on|||||&#8221; header_4_font_size=&#8221;11px&#8221; header_4_letter_spacing=&#8221;1.5px&#8221; header_4_line_height=&#8221;1.2em&#8221; text_orientation=&#8221;center&#8221; locked=&#8221;off&#8221;]@ET-DC@eyJkeW5hbWljIjp0cnVlLCJjb250ZW50IjoiY3VzdG9tX21ldGFfRGlnQ29tcEVkdV9sZXZlbCIsInNldHRpbmdzIjp7ImJlZm9yZSI6IiIsImFmdGVyIjoiIiwiZW5hYmxlX2h0bWwiOiJvZmYifX0=@[\/et_pb_text][\/et_pb_column][et_pb_column type=&#8221;1_4&#8243; admin_label=&#8221;Column&#8221; _builder_version=&#8221;4.4.4&#8243;][et_pb_text _builder_version=&#8221;4.6.0&#8243; text_font=&#8221;DM Serif Display||||||||&#8221; text_font_size=&#8221;32px&#8221; text_line_height=&#8221;1.5em&#8221; header_4_font=&#8221;Josefin Sans|700||on|||||&#8221; header_4_font_size=&#8221;11px&#8221; header_4_letter_spacing=&#8221;1.5px&#8221; header_4_line_height=&#8221;1.2em&#8221; hover_enabled=&#8221;0&#8243; locked=&#8221;off&#8221; sticky_enabled=&#8221;0&#8243;]<h4>Erforderliche digitale Kompetenzstufe der Lernenden<\/h4>[\/et_pb_text][et_pb_text _builder_version=&#8221;4.6.0&#8243; _dynamic_attributes=&#8221;content&#8221; text_font=&#8221;DM Serif Display||||||||&#8221; text_text_color=&#8221;#00457a&#8221; text_font_size=&#8221;18px&#8221; text_line_height=&#8221;1.5em&#8221; header_4_font=&#8221;Josefin Sans|700||on|||||&#8221; header_4_font_size=&#8221;11px&#8221; header_4_letter_spacing=&#8221;1.5px&#8221; header_4_line_height=&#8221;1.2em&#8221; text_orientation=&#8221;center&#8221; locked=&#8221;off&#8221;]@ET-DC@eyJkeW5hbWljIjp0cnVlLCJjb250ZW50IjoiY3VzdG9tX21ldGFfZGlnaXRhbF9za2lsbHNfbGV2ZWxfb2Zfc3R1ZGVudHMiLCJzZXR0aW5ncyI6eyJiZWZvcmUiOiIiLCJhZnRlciI6IiIsImVuYWJsZV9odG1sIjoib2ZmIn19@[\/et_pb_text][\/et_pb_column][et_pb_column type=&#8221;1_4&#8243; _builder_version=&#8221;4.4.4&#8243;][et_pb_text _builder_version=&#8221;4.6.0&#8243; text_font=&#8221;DM Serif Display||||||||&#8221; text_font_size=&#8221;32px&#8221; text_line_height=&#8221;1.5em&#8221; header_4_font=&#8221;Josefin Sans|700||on|||||&#8221; header_4_font_size=&#8221;11px&#8221; header_4_letter_spacing=&#8221;1.5px&#8221; header_4_line_height=&#8221;1.2em&#8221; hover_enabled=&#8221;0&#8243; locked=&#8221;off&#8221; sticky_enabled=&#8221;0&#8243;]<h4>Erforderliche digitale Kompetenzstufe der Lehrenden<\/h4>[\/et_pb_text][et_pb_text _builder_version=&#8221;4.6.0&#8243; _dynamic_attributes=&#8221;content&#8221; text_font=&#8221;DM Serif Display||||||||&#8221; text_text_color=&#8221;#00457a&#8221; text_font_size=&#8221;18px&#8221; text_line_height=&#8221;1.5em&#8221; header_4_font=&#8221;Josefin Sans|700||on|||||&#8221; header_4_font_size=&#8221;11px&#8221; header_4_letter_spacing=&#8221;1.5px&#8221; header_4_line_height=&#8221;1.2em&#8221; text_orientation=&#8221;center&#8221; locked=&#8221;off&#8221;]@ET-DC@eyJkeW5hbWljIjp0cnVlLCJjb250ZW50IjoiY3VzdG9tX21ldGFfZGlnaXRhbF9za2lsbHNfbGV2ZWxfb2ZfZWR1Y2F0b3JzIiwic2V0dGluZ3MiOnsiYmVmb3JlIjoiIiwiYWZ0ZXIiOiIiLCJlbmFibGVfaHRtbCI6Im9mZiJ9fQ==@[\/et_pb_text][\/et_pb_column][\/et_pb_row][et_pb_row _builder_version=&#8221;4.6.0&#8243; _module_preset=&#8221;default&#8221; width=&#8221;90%&#8221;][et_pb_column type=&#8221;4_4&#8243; _builder_version=&#8221;4.6.0&#8243; _module_preset=&#8221;default&#8221;][et_pb_text _builder_version=&#8221;4.6.0&#8243; header_2_font=&#8221;Sue Ellen Francisco||||||||&#8221; header_2_text_color=&#8221;#D9C28E&#8221; header_2_font_size=&#8221;40px&#8221; header_2_line_height=&#8221;1.2em&#8221; custom_margin=&#8221;0px||0px||false|false&#8221; custom_padding=&#8221;0px||0px||false|false&#8221; hover_enabled=&#8221;0&#8243; header_2_font_size_tablet=&#8221;62px&#8221; header_2_font_size_phone=&#8221;42px&#8221; header_2_font_size_last_edited=&#8221;on|phone&#8221; locked=&#8221;off&#8221; sticky_enabled=&#8221;0&#8243;]<h2>Unterrichts-Lernsituation<\/h2>[\/et_pb_text][et_pb_text _builder_version=&#8221;4.6.0&#8243; text_font_size=&#8221;16px&#8221; text_line_height=&#8221;2em&#8221; header_3_font=&#8221;DM Serif Display||||||||&#8221; header_3_font_size=&#8221;20px&#8221; header_3_line_height=&#8221;1.4em&#8221; custom_padding=&#8221;||0px|||&#8221; hover_enabled=&#8221;0&#8243; text_font_size_tablet=&#8221;&#8221; text_font_size_phone=&#8221;14px&#8221; text_font_size_last_edited=&#8221;on|phone&#8221; locked=&#8221;off&#8221; sticky_enabled=&#8221;0&#8243;]<p>Das Rezept richtet sich an Sprachlehrer, die die m\u00fcndliche Sprachkompetenz der Lernenden einsch\u00e4tzen m\u00f6chten.<\/p>\n[\/et_pb_text][et_pb_text _builder_version=&#8221;4.6.0&#8243; header_2_font=&#8221;Sue Ellen Francisco||||||||&#8221; header_2_text_color=&#8221;#D9C28E&#8221; header_2_font_size=&#8221;40px&#8221; header_2_line_height=&#8221;1.2em&#8221; custom_margin=&#8221;0px||0px||false|false&#8221; hover_enabled=&#8221;0&#8243; header_2_font_size_tablet=&#8221;62px&#8221; header_2_font_size_phone=&#8221;42px&#8221; header_2_font_size_last_edited=&#8221;on|phone&#8221; locked=&#8221;off&#8221; sticky_enabled=&#8221;0&#8243;]<h2>Zielgruppe<\/h2>[\/et_pb_text][et_pb_text _builder_version=&#8221;4.6.0&#8243; text_font_size=&#8221;16px&#8221; text_line_height=&#8221;2em&#8221; header_3_font=&#8221;DM Serif Display||||||||&#8221; header_3_font_size=&#8221;20px&#8221; header_3_line_height=&#8221;1.4em&#8221; hover_enabled=&#8221;0&#8243; text_font_size_tablet=&#8221;&#8221; text_font_size_phone=&#8221;14px&#8221; text_font_size_last_edited=&#8221;on|phone&#8221; locked=&#8221;off&#8221; sticky_enabled=&#8221;0&#8243;]<p>Jede Art von Sprachlehrern oder Ausbildern.<br \/>Anf\u00e4nger mit grundlegenden digitalen p\u00e4dagogischen Kompetenzen.<\/p>\n[\/et_pb_text][\/et_pb_column][\/et_pb_row][et_pb_row column_structure=&#8221;2_5,3_5&#8243; custom_padding_last_edited=&#8221;on|tablet&#8221; _builder_version=&#8221;4.6.0&#8243; background_color=&#8221;#ffffff&#8221; width=&#8221;90%&#8221; max_width=&#8221;1200px&#8221; custom_padding=&#8221;|60px||60px|false|true&#8221; custom_padding_tablet=&#8221;|30px||30px|false|true&#8221; custom_padding_phone=&#8221;|20px||20px|false|true&#8221; box_shadow_style=&#8221;preset3&#8243; box_shadow_vertical=&#8221;200px&#8221; box_shadow_blur=&#8221;159px&#8221; box_shadow_spread=&#8221;-31px&#8221; box_shadow_color=&#8221;rgba(0,0,0,0.1)&#8221;][et_pb_column type=&#8221;2_5&#8243; _builder_version=&#8221;4.4.4&#8243;][et_pb_text _builder_version=&#8221;4.6.0&#8243; header_2_font=&#8221;Sue Ellen Francisco||||||||&#8221; header_2_text_color=&#8221;#9aaf8a&#8221; header_2_font_size=&#8221;40px&#8221; header_2_line_height=&#8221;1.2em&#8221; hover_enabled=&#8221;0&#8243; header_2_font_size_tablet=&#8221;62px&#8221; header_2_font_size_phone=&#8221;42px&#8221; header_2_font_size_last_edited=&#8221;off|desktop&#8221; sticky_enabled=&#8221;0&#8243;]<h2>Zutaten<\/h2>[\/et_pb_text][et_pb_text _builder_version=&#8221;4.6.0&#8243; text_font=&#8221;||||||||&#8221; text_text_color=&#8221;#000000&#8243; text_line_height=&#8221;1.8em&#8221; ul_font_size=&#8221;16px&#8221; ul_line_height=&#8221;2em&#8221; hover_enabled=&#8221;0&#8243; sticky_enabled=&#8221;0&#8243;]<ul>\n<li>Smartphone<\/li>\n<li><span><\/span>Internetverbindung<\/li>\n<li>E-Mail-Account<\/li>\n<\/ul>\n[\/et_pb_text][\/et_pb_column][et_pb_column type=&#8221;3_5&#8243; _builder_version=&#8221;4.4.4&#8243;][et_pb_text _builder_version=&#8221;4.6.0&#8243; header_2_font=&#8221;Sue Ellen Francisco||||||||&#8221; header_2_text_color=&#8221;#D9C28E&#8221; header_2_font_size=&#8221;40px&#8221; header_2_line_height=&#8221;1.2em&#8221; hover_enabled=&#8221;0&#8243; header_2_font_size_tablet=&#8221;62px&#8221; header_2_font_size_phone=&#8221;42px&#8221; header_2_font_size_last_edited=&#8221;on|phone&#8221; locked=&#8221;off&#8221; sticky_enabled=&#8221;0&#8243;]<h2>Beschreibung<\/h2>[\/et_pb_text][et_pb_text _builder_version=&#8221;4.6.0&#8243; text_font_size=&#8221;16px&#8221; text_line_height=&#8221;2em&#8221; header_3_font=&#8221;DM Serif Display||||||||&#8221; header_3_font_size=&#8221;20px&#8221; header_3_line_height=&#8221;1.4em&#8221; hover_enabled=&#8221;0&#8243; text_font_size_tablet=&#8221;&#8221; text_font_size_phone=&#8221;14px&#8221; text_font_size_last_edited=&#8221;on|phone&#8221; locked=&#8221;off&#8221; sticky_enabled=&#8221;0&#8243;]<p>Die hier vorgestellte App ist sehr n\u00fctzlich, um eine gute Tonqualit\u00e4t von Gespr\u00e4chen zu erzielen. Die App ist als Podcast-App konzipiert, im Lernkontext kann aber sie dazu verwendet werden, Gespr\u00e4che aufzuzeichnen und weiterzugeben.<\/p>\n[\/et_pb_text][et_pb_text _builder_version=&#8221;4.6.0&#8243; header_2_font=&#8221;Sue Ellen Francisco||||||||&#8221; header_2_text_color=&#8221;#D9C28E&#8221; header_2_font_size=&#8221;40px&#8221; header_2_line_height=&#8221;1.2em&#8221; hover_enabled=&#8221;0&#8243; header_2_font_size_tablet=&#8221;62px&#8221; header_2_font_size_phone=&#8221;42px&#8221; header_2_font_size_last_edited=&#8221;on|phone&#8221; locked=&#8221;off&#8221; sticky_enabled=&#8221;0&#8243;]<h2>Arbeitsschritte<\/h2>[\/et_pb_text][et_pb_text _builder_version=&#8221;4.6.0&#8243; text_font_size=&#8221;16px&#8221; text_line_height=&#8221;2em&#8221; header_3_font=&#8221;DM Serif Display||||||||&#8221; header_3_font_size=&#8221;20px&#8221; header_3_line_height=&#8221;1.4em&#8221; hover_enabled=&#8221;0&#8243; text_font_size_tablet=&#8221;&#8221; text_font_size_phone=&#8221;14px&#8221; text_font_size_last_edited=&#8221;on|phone&#8221; locked=&#8221;off&#8221; sticky_enabled=&#8221;0&#8243;]<h3>Schritt 1<\/h3>\n<p>Laden Sie die Achor-App herunter und legen Sie sich ein Nutzerkonto an.<\/p>\n[\/et_pb_text][et_pb_text _builder_version=&#8221;4.6.0&#8243; text_font_size=&#8221;16px&#8221; text_line_height=&#8221;2em&#8221; header_3_font=&#8221;DM Serif Display||||||||&#8221; header_3_font_size=&#8221;20px&#8221; header_3_line_height=&#8221;1.4em&#8221; hover_enabled=&#8221;0&#8243; text_font_size_tablet=&#8221;&#8221; text_font_size_phone=&#8221;14px&#8221; text_font_size_last_edited=&#8221;on|phone&#8221; locked=&#8221;off&#8221; sticky_enabled=&#8221;0&#8243;]<h3>Schritt 2<\/h3>\n<p>Laden Sie Freunde (bzw. Lernende) ein. Klicken Sie dazu auf das \u201e+\u201c-Zeichen. Klicken Sie dann auf \u201eInvite friends to join\u201c und danach auf \u201eInvite friends\u201c.<\/p>\n[\/et_pb_text][et_pb_text _builder_version=&#8221;4.6.0&#8243; text_font_size=&#8221;16px&#8221; text_line_height=&#8221;2em&#8221; header_3_font=&#8221;DM Serif Display||||||||&#8221; header_3_font_size=&#8221;20px&#8221; header_3_line_height=&#8221;1.4em&#8221; hover_enabled=&#8221;0&#8243; text_font_size_tablet=&#8221;&#8221; text_font_size_phone=&#8221;14px&#8221; text_font_size_last_edited=&#8221;on|phone&#8221; locked=&#8221;off&#8221; sticky_enabled=&#8221;0&#8243;]<h3>Schritt 3<\/h3>\n<p>Wenn alles bereit ist, kann die Aufnahme des Gespr\u00e4chs beginnen. Die App zeichnet den Ton in allem am Gespr\u00e4ch verwendeten Ger\u00e4ten auf, wodurch die Tonqualit\u00e4t deutlich besser wird.<\/p>\n[\/et_pb_text][et_pb_text _builder_version=&#8221;4.6.0&#8243; text_font_size=&#8221;16px&#8221; text_line_height=&#8221;2em&#8221; header_3_font=&#8221;DM Serif Display||||||||&#8221; header_3_font_size=&#8221;20px&#8221; header_3_line_height=&#8221;1.4em&#8221; hover_enabled=&#8221;0&#8243; text_font_size_tablet=&#8221;&#8221; text_font_size_phone=&#8221;14px&#8221; text_font_size_last_edited=&#8221;on|phone&#8221; locked=&#8221;off&#8221; sticky_enabled=&#8221;0&#8243;]<h3>Schritt 4<\/h3>\n<p>Wenn das Gespr\u00e4ch (oder die Pr\u00fcfung) beendet ist, klicken Sie auf \u201eFinish recording\u201c, um die Aufzeichnung zu beenden.<\/p>\n[\/et_pb_text][et_pb_text _builder_version=&#8221;4.6.0&#8243; text_font_size=&#8221;16px&#8221; text_line_height=&#8221;2em&#8221; header_3_font=&#8221;DM Serif Display||||||||&#8221; header_3_font_size=&#8221;20px&#8221; header_3_line_height=&#8221;1.4em&#8221; hover_enabled=&#8221;0&#8243; text_font_size_tablet=&#8221;&#8221; text_font_size_phone=&#8221;14px&#8221; text_font_size_last_edited=&#8221;on|phone&#8221; locked=&#8221;off&#8221; sticky_enabled=&#8221;0&#8243;]<h3>Schritt 5<\/h3>\n<p>Es kann eine Weile dauern, bis die Aufnahme in der Bibliothek erscheint, da verschiedene Audios aus unterschiedlichen Quellen zusammengestellt\u00a0<br \/>werden m\u00fcssen. Sobald sie in der Bibliothek erscheint, kann das Audio exportiert und geteilt werden.<\/p>\n<p>&nbsp;<\/p>\n[\/et_pb_text][\/et_pb_column][\/et_pb_row][\/et_pb_section][et_pb_section fb_built=&#8221;1&#8243; admin_label=&#8221;Footer&#8221; _builder_version=&#8221;4.6.0&#8243; background_color=&#8221;#fffafc&#8221; background_enable_image=&#8221;off&#8221; background_size=&#8221;initial&#8221; background_position=&#8221;top_center&#8221; custom_padding=&#8221;28px||130px|||&#8221; locked=&#8221;off&#8221;][et_pb_row custom_padding_last_edited=&#8221;on|tablet&#8221; padding_top_bottom_link_1=&#8221;true&#8221; padding_left_right_link_1=&#8221;true&#8221; _builder_version=&#8221;4.6.0&#8243; background_color=&#8221;#ffffff&#8221; background_enable_image=&#8221;off&#8221; width=&#8221;90%&#8221; max_width=&#8221;1200px&#8221; custom_padding=&#8221;|40px|50px|40px|false|true&#8221; custom_padding_tablet=&#8221;|30px||30px|false|true&#8221; custom_padding_phone=&#8221;50px|20px||20px|false|true&#8221; box_shadow_style=&#8221;preset3&#8243; box_shadow_vertical=&#8221;100px&#8221; box_shadow_blur=&#8221;60px&#8221; box_shadow_spread=&#8221;-31px&#8221; box_shadow_color=&#8221;rgba(0,0,0,0.15)&#8221; use_custom_width=&#8221;on&#8221; width_unit=&#8221;off&#8221; custom_width_percent=&#8221;100%&#8221;][et_pb_column type=&#8221;4_4&#8243; _builder_version=&#8221;4.4.2&#8243;][et_pb_text _builder_version=&#8221;4.6.0&#8243; header_2_font=&#8221;Sue Ellen Francisco||||||||&#8221; header_2_text_color=&#8221;#D9C28E&#8221; header_2_font_size=&#8221;40px&#8221; header_2_line_height=&#8221;1.2em&#8221; custom_margin=&#8221;0px||0px||true|false&#8221; custom_padding=&#8221;0px||0px||true|false&#8221; hover_enabled=&#8221;0&#8243; header_2_font_size_tablet=&#8221;62px&#8221; header_2_font_size_phone=&#8221;42px&#8221; header_2_font_size_last_edited=&#8221;on|phone&#8221; locked=&#8221;off&#8221; sticky_enabled=&#8221;0&#8243;]<h2>Weitere Informationen.<\/h2>[\/et_pb_text][et_pb_text _builder_version=&#8221;4.6.0&#8243; text_font_size=&#8221;16px&#8221; text_line_height=&#8221;2em&#8221; header_3_font=&#8221;DM Serif Display||||||||&#8221; header_3_font_size=&#8221;20px&#8221; header_3_line_height=&#8221;1.4em&#8221; custom_padding=&#8221;||12px||false|false&#8221; hover_enabled=&#8221;0&#8243; text_font_size_tablet=&#8221;&#8221; text_font_size_phone=&#8221;14px&#8221; text_font_size_last_edited=&#8221;on|phone&#8221; locked=&#8221;off&#8221; sticky_enabled=&#8221;0&#8243;]<p>Mit dieser App kann man nicht nur Gespr\u00e4che oder m\u00fcndliche Pr\u00fcfungen aufzeichnen, sondern auch Ausschnitte aus Theaterst\u00fccken, B\u00fccher, Gedichte u.v.m.<\/p>\n<p>&nbsp;<\/p>\n[\/et_pb_text][et_pb_text _builder_version=&#8221;4.6.0&#8243; header_2_font=&#8221;Sue Ellen Francisco||||||||&#8221; header_2_text_color=&#8221;#D9C28E&#8221; header_2_font_size=&#8221;40px&#8221; header_2_line_height=&#8221;1.2em&#8221; custom_margin=&#8221;0px||0px||true|false&#8221; custom_padding=&#8221;0px||0px||true|false&#8221; hover_enabled=&#8221;0&#8243; header_2_font_size_tablet=&#8221;62px&#8221; header_2_font_size_phone=&#8221;42px&#8221; header_2_font_size_last_edited=&#8221;on|phone&#8221; locked=&#8221;off&#8221; sticky_enabled=&#8221;0&#8243;]<h2>Links &#038; weiterf\u00fchrende Literatur:<\/h2>[\/et_pb_text][et_pb_text _builder_version=&#8221;4.6.0&#8243; text_font_size=&#8221;16px&#8221; text_line_height=&#8221;2em&#8221; header_3_font=&#8221;DM Serif Display||||||||&#8221; header_3_font_size=&#8221;20px&#8221; header_3_line_height=&#8221;1.4em&#8221; hover_enabled=&#8221;0&#8243; text_font_size_tablet=&#8221;&#8221; text_font_size_phone=&#8221;14px&#8221; text_font_size_last_edited=&#8221;on|phone&#8221; locked=&#8221;off&#8221; sticky_enabled=&#8221;0&#8243;]<p>Anchor-Webseite (auf Englisch):<\/p>\n<p><a href=\"https:\/\/anchor.fm\">https:\/\/anchor.fm<\/a><\/p>\n[\/et_pb_text][\/et_pb_column][\/et_pb_row][\/et_pb_section]\n\n","protected":false},"excerpt":{"rendered":"<p>This recipe is really useful to achieve great quality audio of a conversations. The app is conceived as a podcast app, but in the learning context, it can be used to record conversations and share them afterwards.<\/p>\n","protected":false},"author":3,"parent":0,"menu_order":0,"comment_status":"closed","ping_status":"closed","template":"","meta":{"_et_pb_use_builder":"on","_et_pb_old_content":"","_et_gb_content_width":"1080"},"tax_265de":[169],"tax_276de":[128],"tax_277de":[119],"tax_278de":[113],"_links":{"self":[{"href":"http:\/\/digitalpedagogycookbook.eu\/index.php?rest_route=\/wp\/v2\/cpt_238de\/1568"}],"collection":[{"href":"http:\/\/digitalpedagogycookbook.eu\/index.php?rest_route=\/wp\/v2\/cpt_238de"}],"about":[{"href":"http:\/\/digitalpedagogycookbook.eu\/index.php?rest_route=\/wp\/v2\/types\/cpt_238de"}],"author":[{"embeddable":true,"href":"http:\/\/digitalpedagogycookbook.eu\/index.php?rest_route=\/wp\/v2\/users\/3"}],"replies":[{"embeddable":true,"href":"http:\/\/digitalpedagogycookbook.eu\/index.php?rest_route=%2Fwp%2Fv2%2Fcomments&post=1568"}],"wp:featuredmedia":[{"embeddable":true,"href":"http:\/\/digitalpedagogycookbook.eu\/index.php?rest_route=\/wp\/v2\/media\/822"}],"wp:attachment":[{"href":"http:\/\/digitalpedagogycookbook.eu\/index.php?rest_route=%2Fwp%2Fv2%2Fmedia&parent=1568"}],"wp:term":[{"taxonomy":"tax_265de","embeddable":true,"href":"http:\/\/digitalpedagogycookbook.eu\/index.php?rest_route=%2Fwp%2Fv2%2Ftax_265de&post=1568"},{"taxonomy":"tax_276de","embeddable":true,"href":"http:\/\/digitalpedagogycookbook.eu\/index.php?rest_route=%2Fwp%2Fv2%2Ftax_276de&post=1568"},{"taxonomy":"tax_277de","embeddable":true,"href":"http:\/\/digitalpedagogycookbook.eu\/index.php?rest_route=%2Fwp%2Fv2%2Ftax_277de&post=1568"},{"taxonomy":"tax_278de","embeddable":true,"href":"http:\/\/digitalpedagogycookbook.eu\/index.php?rest_route=%2Fwp%2Fv2%2Ftax_278de&post=1568"}],"curies":[{"name":"wp","href":"https:\/\/api.w.org\/{rel}","templated":true}]}}